{"id":51345,"date":"2021-07-01T09:13:31","date_gmt":"2021-07-01T16:13:31","guid":{"rendered":"https:\/\/fmcsc.org\/?page_id=51345"},"modified":"2025-07-07T10:21:09","modified_gmt":"2025-07-07T17:21:09","slug":"administration","status":"publish","type":"page","link":"https:\/\/fmcsc.org\/es\/administration\/","title":{"rendered":"Administraci\u00f3n de la conferencia"},"content":{"rendered":"<p>[et_pb_section fb_built=\u201d1\u2033 _builder_version=\u201d4.16\u2033 _module_preset=\u201ddefault\u201d background_color=\u201drgba(0,0,0,0.45)\u201d background_image=\u201dhttp:\/\/fmcsc.org\/wp-content\/uploads\/2021\/08\/superintendents-header.jpg\u201d background_blend=\u201dmultiply\u201d custom_padding=\u201d150px||57px||false|false\u201d global_colors_info=\u201d{}\u201d][et_pb_row column_structure=\u201d2_3,1_3\u2033 _builder_version=\u201d4.16\u2033 _module_preset=\u201d11f3522d-3ed7-4fa2-8fcf-bb73f19c80b2\u2033 Informaci\u00f3n global de colores = &quot;{}&quot;] [Tipo de columna et_pb = &quot;2_3&quot;] _versi\u00f3n del constructor = &quot;4.16&quot; _ajuste preestablecido del m\u00f3dulo = &quot;1959b601-9003-4bfb-9e5d-a162186b7575&quot; Informaci\u00f3n global de colores = &quot;{}&quot;] [Texto et_pb _versi\u00f3n del constructor = &quot;4.17.6&quot; _ajuste preestablecido del m\u00f3dulo = &quot;predeterminado&quot; Dise\u00f1o de fondo = &quot;oscuro&quot; Informaci\u00f3n global de colores = &quot;{}&quot;]<\/p>\n<h1>Administraci\u00f3n de la conferencia<\/h1>\n<p>Dentro de la Iglesia Metodista Libre, el superintendente de la conferencia se encarga de la alineaci\u00f3n y la implementaci\u00f3n de la visi\u00f3n, el desarrollo del liderazgo y la orientaci\u00f3n para la administraci\u00f3n y el crecimiento de la iglesia. En el sur de California, tambi\u00e9n contamos con superintendentes de campo que brindan liderazgo especializado y apoyo administrativo a nuestras iglesias y a nuestros miembros.<\/p>\n<p>[\/et_pb_text][\/et_pb_column][et_pb_column tipo=\u201d1_3\u2033 _builder_version=\u201d4.16\u2033 _module_preset=\u201d1959b601-9003-4bfb-9e5d-a162186b7575\u2033 global_colors_info=\u201d{}\u201d][\/et_pb_column][\/et_pb_row][\/et_pb_section][et_pb_section fb_built=\u201d1\u2033 _builder_version=\u201d4.16\u2033 _module_preset=\u201ddefault\u201d global_colors_info=\u201d{}\u201d][et_pb_row _builder_version=\u201d4.17.6\u2033 _module_preset=\u201ddefault\u201d global_colors_info=\u201d{}\u201d][et_pb_column tipo=\u201d4_4\u2033 _builder_version=\u201d4.17.6\u2033 _module_preset=\u201dpredeterminado\u201d informaci\u00f3n_global_colors=\u201d{}\u201d][et_pb_text _builder_version=\u201d4.17.6\u2033 _module_preset=\u201dpredeterminado\u201d orientaci\u00f3n_texto=\u201dcentro\u201d informaci\u00f3n_global_colors=\u201d{}\u201d]<\/p>\n<p><a href=\"#superintendent\">Superintendente<\/a> | <a href=\"#executive\">Personal del Ministerio<\/a> | <a href=\"#field\">Superintendentes de campo<\/a> | <a href=\"#operations\">Personal operativo<\/a> | <a href=\"#finance\">Personal de Finanzas<\/a><\/p>\n<p>[\/et_pb_text][\/et_pb_column][\/et_pb_row][et_pb_row estructura_columna=\u201d1_3,2_3\u2033 id_m\u00f3dulo=\u201dsuperintendentes\u201d _versi\u00f3n_constructor=\u201d4.17.6\u2033 _m\u00f3dulo_preestablecido=\u201dpredeterminado\u201d relleno_personalizado=\u201d||||falso|falso\u201d informaci\u00f3n_global_colores=\u201d{}\u201d][et_pb_column tipo=\u201d1_3\u2033 _versi\u00f3n_constructor=\u201d4.16\u2033 _m\u00f3dulo_preestablecido=\u201dpredeterminado\u201d informaci\u00f3n_global_colores=\u201d{}\u201d][et_pb_imagen src=\u201dhttps:\/\/fmcsc.org\/wp-content\/uploads\/2022\/05\/220309-foto-correo-electr\u00f3nico.jpg\u201d texto_t\u00edtulo=\u201d220309-foto-correo-electr\u00f3nico\u201d Versi\u00f3n del constructor = 4.17.4, m\u00f3dulo preestablecido = predeterminado, informaci\u00f3n global de colores = {}] [\/et_pb_image][\/et_pb_column][et_pb_column type = 2_3] Versi\u00f3n del constructor = 4.16, m\u00f3dulo preestablecido = predeterminado, informaci\u00f3n global de colores = {}] [et_pb_texto Versi\u00f3n del constructor = 4.17.6, m\u00f3dulo preestablecido = predeterminado, informaci\u00f3n global de colores = {}]<\/p>\n<h4>Jonathan Sato<\/h4>\n<p><em>Superintendente de la Conferencia<\/em><\/p>\n<p>El reverendo Jonathan Sato naci\u00f3 y se cri\u00f3 en la Iglesia Metodista Libre. Su padre era ministro metodista libre de la Conferencia Japonesa de la Costa del Pac\u00edfico (PCJC, por sus siglas en ingl\u00e9s) y conoci\u00f3 a su madre durante un viaje misionero a Jap\u00f3n, donde su madre trabajaba como traductora local de la Iglesia Metodista Libre. Jonathan asisti\u00f3 a la Universidad Azusa Pacific para obtener su t\u00edtulo de grado y posgrado (M.Div) y fue all\u00ed donde conoci\u00f3 a su esposa, Jenn. Tienen la suerte de ser padres de tres maravillosas hijas: Adeline, Charlotte y Eleanor.<\/p>\n<p>[\/et_pb_text][\/et_pb_column][\/et_pb_row][\/et_pb_section][et_pb_section fb_built=\u201d1\u2033 _builder_version=\u201d4.17.6\u2033 _module_preset=\u201ddefault\u201d background_color=\u201d#F6F5F2\u2033 global_colors_info=\u201d{}\u201d][et_pb_row module_id=\u201dexecutive\u201d _builder_version=\u201d4.17.6\u2033 _module_preset=\u201ddefault\u201d global_colors_info=\u201d{}\u201d][et_pb_column type=\u201d4_4\u2033 _builder_version=\u201d4.17.6\u2033 _module_preset=\u201ddefault\u201d global_colors_info=\u201d{}\u201d][et_pb_text _builder_version=\u201d4.25.2\u2033 _module_preset=\u201dpredeterminado\u201d orientaci\u00f3n_del_texto=\u201dcentro\u201d informaci\u00f3n_de_colores_globales=\u201d{}\u201d]<\/p>\n<h3>Personal del Ministerio<\/h3>\n<p>[\/et_pb_text][\/et_pb_column][\/et_pb_row][et_pb_row estructura_columna=\u201d1_4,3_4\u2033 _builder_version=\u201d4.17.6\u2033 _module_preset=\u201dpredeterminado\u201d informaci\u00f3n_global_colors=\u201d{}\u201d][et_pb_column tipo=\u201d1_4\u2033 _builder_version=\u201d4.17.6\u2033 _module_preset=\u201dpredeterminado\u201d informaci\u00f3n_global_colors=\u201d{}\u201d][et_pb_imagen src=\u201dhttps:\/\/fmcsc.org\/wp-content\/uploads\/2022\/07\/foto-refugio-sanchez@2x.jpg\u201d t\u00edtulo_texto=\u201dfoto-refugio-sanchez@2x\u201d _builder_version=\u201d4.17.6\u2033 _module_preset=\u201dpredeterminado\u201d Informaci\u00f3n global de colores = &quot;{}&quot;][\/et_pb_image][\/et_pb_column][et_pb_column type=&quot;3_4\u2033 _builder_version=&quot;4.17.6\u2033 _module_preset=&quot;default&quot; Informaci\u00f3n global de colores = &quot;{}&quot;][et_pb_text _builder_version=&quot;4.17.6\u2033 _module_preset=&quot;default&quot; Informaci\u00f3n global de colores = &quot;{}&quot;]<\/p>\n<h4>Refugio S\u00e1nchez<\/h4>\n<p><em>Superintendente adjunto<\/em><\/p>\n<p>El Pastor Refugio ha estado sirviendo fielmente junto a su esposa, la Pastora Mar\u00eda E. Gonz\u00e1lez y sus 4 hijos en Santa Ana FMC desde 2008 como Pastor Principal. Originario de Oaxaca, M\u00e9xico, emigr\u00f3 a los Estados Unidos en 1985 a la edad de 18 a\u00f1os. Acept\u00f3 al Se\u00f1or Jesucristo como su Se\u00f1or y Salvador en 1996. El Pastor Refugio actualmente se desempe\u00f1a como Presidente de MEG, Miembro de MAC, Director del Ministerio Hispano y se desempe\u00f1a como Presidente de La Conexi\u00f3n Latina FMCUSA.<\/p>\n<p>[\/et_pb_text][\/et_pb_column][\/et_pb_row][et_pb_row estructura_columna=\u201d1_4,3_4\u2033 _builder_version=\u201d4.17.6\u2033 _module_preset=\u201dpredeterminado\u201d informaci\u00f3n_global_colors=\u201d{}\u201d][et_pb_column tipo=\u201d1_4\u2033 _builder_version=\u201d4.17.6\u2033 _module_preset=\u201dpredeterminado\u201d informaci\u00f3n_global_colors=\u201d{}\u201d][et_pb_image origen=\u201dhttps:\/\/fmcsc.org\/wp-content\/uploads\/2024\/07\/Kristy-Hinds.jpg\u201d t\u00edtulo_texto=\u201dKristy Hinds\u201d _builder_version=\u201d4.26.1\u2033 _module_preset=\u201dpredeterminado\u201d Informaci\u00f3n global de colores = &quot;{}&quot;][\/et_pb_image][\/et_pb_column][et_pb_column type=&quot;3_4\u2033 _builder_version=&quot;4.17.6\u2033 _module_preset=&quot;default\u201d Informaci\u00f3n global de colores = &quot;{}\u201d][et_pb_text _builder_version=&quot;4.22.1\u2033 _module_preset=&quot;default\u201d Informaci\u00f3n global de colores = &quot;{}\u201d]<\/p>\n<h4>Kristy Hinds<\/h4>\n<p><em>Director de Ministerio y Desarrollo de Personas<\/em><\/p>\n<p>Kristy Hinds aporta una gran experiencia gracias a su d\u00e9cada en Light and Life North y como superintendente adjunta de la Iglesia Metodista Libre en el sur de California. Tambi\u00e9n pas\u00f3 diez a\u00f1os en CBS Radio y fund\u00f3 Launch It Coaching, lo que demuestra su dedicaci\u00f3n a la orientaci\u00f3n de l\u00edderes. Ahora, como directora de Desarrollo de Personas en FMCSC, Kristy aprovecha el coaching innovador y su experiencia en gesti\u00f3n del cambio, desarrollo del liderazgo y cohesi\u00f3n de equipos para promover el crecimiento profesional, personal y espiritual. Graduada de la UCLA, actualmente est\u00e1 cursando una maestr\u00eda en Gesti\u00f3n y Liderazgo en la Universidad Pepperdine.<\/p>\n<p>[\/et_pb_text][\/et_pb_column][\/et_pb_row][et_pb_row estructura_columna=\u201d1_4,3_4\u2033 _builder_version=\u201d4.17.6\u2033 _module_preset=\u201dpredeterminado\u201d informaci\u00f3n_global_colors=\u201d{}\u201d][et_pb_column tipo=\u201d1_4\u2033 _builder_version=\u201d4.17.6\u2033 _module_preset=\u201dpredeterminado\u201d informaci\u00f3n_global_colors=\u201d{}\u201d][et_pb_image origen=\u201dhttps:\/\/fmcsc.org\/wp-content\/uploads\/2024\/09\/foto-brian-warth.jpg\u201d t\u00edtulo_texto=\u201dfoto-brian-warth\u201d _builder_version=\u201d4.27.0\u2033 _module_preset=\u201dpredeterminado\u201d Informaci\u00f3n global de colores = &quot;{}&quot;][\/et_pb_image][\/et_pb_column][et_pb_column type=&quot;3_4\u2033 _builder_version=&quot;4.17.6\u2033 _module_preset=&quot;default&quot; Informaci\u00f3n global de colores = &quot;{}&quot;][et_pb_text _builder_version=&quot;4.27.0\u2033 _module_preset=&quot;default&quot; Informaci\u00f3n global de colores = &quot;{}&quot;]<\/p>\n<h4>Brian Warth<\/h4>\n<p><em>Director de Plantaci\u00f3n de Iglesias<\/em><\/p>\n<p>El reverendo Brian Warth es el pastor principal de Chapel of Change, con sedes en cuatro ciudades. Brian ha plantado o ayudado a plantar cuatro iglesias en el sur de California y una en Dallas, Texas. Tiene un gran inter\u00e9s por los plantadores de iglesias y ha hablado en Exponential, la reuni\u00f3n de plantadores de iglesias m\u00e1s grande del pa\u00eds. Est\u00e1 casado con su esposa, Laura, desde hace 27 a\u00f1os y juntos tienen tres hijos.<\/p>\n<p>[\/et_pb_text][\/et_pb_column][\/et_pb_row][et_pb_row estructura_columna=\u201d1_4,3_4\u2033 _builder_version=\u201d4.17.6\u2033 _module_preset=\u201ddefault\u201d informaci\u00f3n_global_colors=\u201d{}\u201d][et_pb_column tipo=\u201d1_4\u2033 _builder_version=\u201d4.17.6\u2033 _module_preset=\u201ddefault\u201d informaci\u00f3n_global_colors=\u201d{}\u201d][et_pb_image src=\u201dhttps:\/\/fmcsc.org\/wp-content\/uploads\/2024\/07\/SAlvarez-scaled-e1719888147855.jpg\u201d t\u00edtulo_texto=\u201dSAlvarez\u201d _builder_version=\u201d4.26.0\u2033 _module_preset=\u201dpredeterminado\u201d informaci\u00f3n_global_colors=\u201d{}\u201d][\/et_pb_image][\/et_pb_column][et_pb_column type=\u201d3_4\u2033 _builder_version=\u201d4.17.6\u2033 _module_preset=\u201dpredeterminado\u201d informaci\u00f3n_global_colors=\u201d{}\u201d][et_pb_text _builder_version=\u201d4.25.2\u2033 _module_preset=\u201dpredeterminado\u201d informaci\u00f3n_global_colors=\u201d{}\u201d]<\/p>\n<h4>Soo Ji \u00c1lvarez<\/h4>\n<p><em>Ministerio de Desarrollo<\/em><\/p>\n<p>A Soo Ji \u00c1lvarez le encanta alcanzar a las personas marginadas, llevar reconciliaci\u00f3n a las comunidades y formar seguidores apasionados de Jesucristo. Lleva 30 a\u00f1os en el ministerio y actualmente se desempe\u00f1a como superintendente de campo, donde pastorea a otros pastores y ayuda a desarrollar l\u00edderes e iglesias para crear una cultura diversa y saludable de desarrollo ministerial. A Soo Ji le encanta compartir la vida y el ministerio con su esposo Joe, sus dos hijos, Juaqu\u00edn y Nayara, y sus dos perros, Oso y Chunk.<\/p>\n<p>[\/et_pb_text][\/et_pb_column][\/et_pb_row][et_pb_row estructura_columna=\u201d1_4,3_4\u2033 _builder_version=\u201d4.17.6\u2033 _module_preset=\u201dpredeterminado\u201d informaci\u00f3n_global_colors=\u201d{}\u201d][et_pb_column tipo=\u201d1_4\u2033 _builder_version=\u201d4.17.6\u2033 _module_preset=\u201dpredeterminado\u201d informaci\u00f3n_global_colors=\u201d{}\u201d][et_pb_image origen=\u201dhttps:\/\/fmcsc.org\/wp-content\/uploads\/2024\/08\/foto-doug-ranck.jpg\u201d t\u00edtulo_texto=\u201dfoto-doug-ranck\u201d _builder_version=\u201d4.27.0\u2033 _module_preset=\u201dpredeterminado\u201d Informaci\u00f3n global de colores = &quot;{}&quot;][\/et_pb_image][\/et_pb_column][et_pb_column type=&quot;3_4\u2033 _builder_version=&quot;4.17.6\u2033 _module_preset=&quot;default\u201d Informaci\u00f3n global de colores = &quot;{}\u201d][et_pb_text _builder_version=&quot;4.22.1\u2033 _module_preset=&quot;default\u201d Informaci\u00f3n global de colores = &quot;{}\u201d]<\/p>\n<h4>Doug Ranck<\/h4>\n<p><em>L\u00edder del equipo de mentores de Thrive<\/em><\/p>\n<p>Doug Ranck ha estado en el ministerio por m\u00e1s de 40 a\u00f1os, sirviendo actualmente como Pastor Asociado de J\u00f3venes, Ni\u00f1os y Familias en la Iglesia Metodista Libre de Santa B\u00e1rbara. Doug tambi\u00e9n sirve en la conferencia como L\u00edder del Equipo de Mentor\u00eda Thrive, donde ayuda a los pastores a ser mentores de otros pastores y l\u00edderes religiosos. Doug se gradu\u00f3 de la Universidad de Greenville con una licenciatura en ministerios juveniles y del Seminario Teol\u00f3gico de Asbury con una Maestr\u00eda en Artes en Religi\u00f3n. Doug est\u00e1 felizmente casado con Nancy y es un orgulloso padre de Kelly, Landon y Elise.<\/p>\n<p>[\/et_pb_text][\/et_pb_column][\/et_pb_row][et_pb_row estructura_columna=\u201d1_4,3_4\u2033 _builder_version=\u201d4.17.6\u2033 _module_preset=\u201dpredeterminado\u201d informaci\u00f3n_global_colors=\u201d{}\u201d][et_pb_column tipo=\u201d1_4\u2033 _builder_version=\u201d4.17.6\u2033 _module_preset=\u201dpredeterminado\u201d informaci\u00f3n_global_colors=\u201d{}\u201d][et_pb_image origen=\u201dhttps:\/\/fmcsc.org\/wp-content\/uploads\/2022\/07\/foto-carol-hart@2x.jpg\u201d t\u00edtulo_texto=\u201dfoto-carol-hart@2x\u201d _builder_version=\u201d4.17.6\u2033 _module_preset=\u201dpredeterminado\u201d Informaci\u00f3n global de colores = &quot;{}&quot;][\/et_pb_image][\/et_pb_column][et_pb_column type=&quot;3_4\u2033 _builder_version=&quot;4.17.6\u2033 _module_preset=&quot;default\u201d Informaci\u00f3n global de colores = &quot;{}\u201d][et_pb_text _builder_version=&quot;4.25.2\u2033 _module_preset=&quot;default\u201d Informaci\u00f3n global de colores = &quot;{}\u201d]<\/p>\n<h4>Carol Hart<\/h4>\n<p><em>Coordinadora Denominacional y MEG<\/em><\/p>\n<p>Carol Hart ha sido un miembro esencial del equipo administrativo de la Iglesia Metodista Libre del Sur de California durante 25 a\u00f1os, brindando coherencia y estructura institucional y al mismo tiempo alentando a nuestro personal y l\u00edderes de la iglesia. Su trabajo actual se centra en ayudar a las iglesias a transitar los requisitos legales y de la conferencia para la incorporaci\u00f3n. Adem\u00e1s, brinda orientaci\u00f3n a los candidatos ministeriales mientras transitan los pasos de la ordenaci\u00f3n dentro de la Iglesia Metodista Libre. En su tiempo libre, ayuda a su esposo Greg en la administraci\u00f3n del equipo de cross country que \u00e9l entrena.<\/p>\n<p>[\/et_pb_text][\/et_pb_column][\/et_pb_row][\/et_pb_section][et_pb_section fb_built=\u201d1\u2033 _builder_version=\u201d4.25.2\u2033 _module_preset=\u201dpredeterminado\u201d custom_padding=\u201d||0px||false|false\u201d global_colors_info=\u201d{}\u201d][et_pb_row module_id=\u201dcampo\u201d _builder_version=\u201d4.17.6\u2033 _module_preset=\u201dpredeterminado\u201d global_colors_info=\u201d{}\u201d][et_pb_column type=\u201d4_4\u2033 _builder_version=\u201d4.17.6\u2033 _module_preset=\u201dpredeterminado\u201d global_colors_info=\u201d{}\u201d][et_pb_text _builder_version=\u201d4.25.2\u2033 _module_preset=\u201dpredeterminado\u201d informaci\u00f3n_de_colores_globales=\u201d{}\u201d]<\/p>\n<h2>Superintendentes de campo<\/h2>\n<p>Con una poblaci\u00f3n de m\u00e1s de 23 millones en 56 mil millas cuadradas, el sur de California es geogr\u00e1fica y culturalmente diverso. Para garantizar que nuestras congregaciones y puntos de ministerio tengan el apoyo y los recursos que necesitan para prosperar, hemos implementado un modelo de Superintendente de Campo. Cada Superintendente de Campo supervisa el crecimiento y desarrollo del liderazgo en los puntos de ministerio bajo su cuidado.<\/p>\n<p>[\/et_pb_text][\/et_pb_column][\/et_pb_row][et_pb_row estructura_columna=\u201d1_4,3_4\u2033 _builder_version=\u201d4.17.6\u2033 _module_preset=\u201dpredeterminado\u201d informaci\u00f3n_global_colors=\u201d{}\u201d][et_pb_column tipo=\u201d1_4\u2033 _builder_version=\u201d4.17.6\u2033 _module_preset=\u201dpredeterminado\u201d informaci\u00f3n_global_colors=\u201d{}\u201d][et_pb_image src=\u201dhttps:\/\/fmcsc.org\/wp-content\/uploads\/2024\/07\/SAlvarez-scaled.jpg\u201d t\u00edtulo_texto=\u201dSAlvarez\u201d _builder_version=\u201d4.25.2\u2033 _module_preset=\u201dpredeterminado\u201d Informaci\u00f3n global de colores = &quot;{}&quot;][\/et_pb_image][\/et_pb_column][et_pb_column type=&quot;3_4\u2033 _builder_version=&quot;4.17.6\u2033 _module_preset=&quot;default&quot; Informaci\u00f3n global de colores = &quot;{}&quot;][et_pb_text _builder_version=&quot;4.27.4\u2033 _module_preset=&quot;default&quot; Informaci\u00f3n global de colores = &quot;{}&quot;]<\/p>\n<h4>Soo Ji \u00c1lvarez<\/h4>\n<ul>\n<li aria-level=\"1\">Azusa, Iglesia Comunitaria Foothill, Adrian Greer\u00a0<\/li>\n<li aria-level=\"1\">Escondido, La Fundici\u00f3n, Emmanuel Moon<\/li>\n<li aria-level=\"1\">Lago Elsinore, El Centro de los Sue\u00f1os, Brett Masters<\/li>\n<li aria-level=\"1\">Los \u00c1ngeles, Iglesia Comunitaria Palabra De Vida, Mateo G\u00f3mez<\/li>\n<li aria-level=\"1\">Pasadena, Iglesia de la Ciudad de las Rosas, Clare Ferguson Bravo<\/li>\n<li aria-level=\"1\">Rancho Cucamonga, Iglesia de la Comisi\u00f3n, Janelle Coleman\u00a0<\/li>\n<li aria-level=\"1\">Santa B\u00e1rbara, Iglesia FM de Santa B\u00e1rbara, Colleen Hurley Bates\u00a0<\/li>\n<\/ul>\n<p>[\/et_pb_text][\/et_pb_column][\/et_pb_row][et_pb_row estructura_columna=\u201d1_4,3_4\u2033 _builder_version=\u201d4.17.6\u2033 _module_preset=\u201dpredeterminado\u201d informaci\u00f3n_global_colors=\u201d{}\u201d][et_pb_column tipo=\u201d1_4\u2033 _builder_version=\u201d4.17.6\u2033 _module_preset=\u201dpredeterminado\u201d informaci\u00f3n_global_colors=\u201d{}\u201d][et_pb_image origen=\u201dhttps:\/\/fmcsc.org\/wp-content\/uploads\/2025\/05\/foto-kevin-robertson.jpg\u201d t\u00edtulo_texto=\u201dfoto-kevin-robertson\u201d _builder_version=\u201d4.27.4\u2033 _module_preset=\u201dpredeterminado\u201d Informaci\u00f3n global de colores = &quot;{}&quot;][\/et_pb_image][\/et_pb_column][et_pb_column type=&quot;3_4\u2033 _builder_version=&quot;4.17.6\u2033 _module_preset=&quot;default&quot; Informaci\u00f3n global de colores = &quot;{}&quot;][et_pb_text _builder_version=&quot;4.27.4\u2033 _module_preset=&quot;default&quot; Informaci\u00f3n global de colores = &quot;{}&quot;]<\/p>\n<h4>Kevin Robertson<\/h4>\n<ul>\n<li aria-level=\"1\">El Caj\u00f3n, Iglesia Metodista Libre \u00c1rabe, EMP<\/li>\n<li aria-level=\"1\">Los \u00c1ngeles, Iglesia Comunitaria de Los \u00c1ngeles, Robert Marshall<\/li>\n<li aria-level=\"1\">Los \u00c1ngeles, Iglesia Comunitaria Verdugo, Gail Lindstrom\u00a0<\/li>\n<li aria-level=\"1\">Sylmar, Comunidad Cristiana Luz y Vida, Joe Castillo<\/li>\n<li aria-level=\"1\">Garden Grove, Iglesia Living Spring, John Rittenhouse\u00a0<\/li>\n<\/ul>\n<p>[\/et_pb_text][\/et_pb_column][\/et_pb_row][et_pb_row estructura_columna=\u201d1_4,3_4\u2033 _builder_version=\u201d4.17.6\u2033 _module_preset=\u201dpredeterminado\u201d informaci\u00f3n_global_colors=\u201d{}\u201d][et_pb_column tipo=\u201d1_4\u2033 _builder_version=\u201d4.17.6\u2033 _module_preset=\u201dpredeterminado\u201d informaci\u00f3n_global_colors=\u201d{}\u201d][et_pb_imagen src=\u201dhttps:\/\/fmcsc.org\/wp-content\/uploads\/2022\/07\/foto-refugio-sanchez@2x.jpg\u201d t\u00edtulo_texto=\u201dfoto-refugio-sanchez@2x\u201d _builder_version=\u201d4.17.6\u2033 _module_preset=\u201dpredeterminado\u201d Informaci\u00f3n global de colores = &quot;{}&quot;][\/et_pb_image][\/et_pb_column][et_pb_column type=&quot;3_4\u2033 _builder_version=&quot;4.17.6\u2033 _module_preset=&quot;default&quot; Informaci\u00f3n global de colores = &quot;{}&quot;][et_pb_text _builder_version=&quot;4.27.4\u2033 _module_preset=&quot;default&quot; Informaci\u00f3n global de colores = &quot;{}&quot;]<\/p>\n<h4>Refugio S\u00e1nchez\u00a0<\/h4>\n<ul>\n<li aria-level=\"1\">Los \u00c1ngeles, Ministerios Cristiano Jerusal\u00e9n, Eliseo &amp; Vilma Guti\u00e9rrez (Afiliado)<\/li>\n<li aria-level=\"1\">National City, Iglesia Metodista Libre- Emmanuel de National City, Gerardo Ortiz<\/li>\n<li aria-level=\"1\">San Diego, Iglesia Metodista Libre Latino Americana Sina\u00ed, An\u00edbal L\u00f3pez\u00a0<\/li>\n<li aria-level=\"1\">Long Beach, Comunidad Cristiana Luz y Vida Oeste, Charles Latchison<\/li>\n<li aria-level=\"1\">Downey, Iglesia Luz y Vida, Kevin Boyce<\/li>\n<li aria-level=\"1\">Azusa, Iglesia Confraternidad Cristiana, Jonatan &amp; Natalia Gonz\u00e1lez<\/li>\n<\/ul>\n<p>&nbsp;<\/p>\n<p>[\/et_pb_text][\/et_pb_column][\/et_pb_row][et_pb_row estructura_columna=\u201d1_4,3_4\u2033 _builder_version=\u201d4.17.6\u2033 _module_preset=\u201dpredeterminado\u201d informaci\u00f3n_global_colors=\u201d{}\u201d][et_pb_column tipo=\u201d1_4\u2033 _builder_version=\u201d4.17.6\u2033 _module_preset=\u201dpredeterminado\u201d informaci\u00f3n_global_colors=\u201d{}\u201d][et_pb_image origen=\u201dhttps:\/\/fmcsc.org\/wp-content\/uploads\/2024\/07\/cam-headshot@2x.jpg\u201d t\u00edtulo_texto=\u201dcam-headshot@2x\u201d _builder_version=\u201d4.25.2\u2033 _module_preset=\u201dpredeterminado\u201d Informaci\u00f3n global de colores = &quot;{}&quot;][\/et_pb_image][\/et_pb_column][et_pb_column type=&quot;3_4\u2033 _builder_version=&quot;4.17.6\u2033 _module_preset=&quot;default&quot; Informaci\u00f3n global de colores = &quot;{}&quot;][et_pb_text _builder_version=&quot;4.27.4\u2033 _module_preset=&quot;default&quot; Informaci\u00f3n global de colores = &quot;{}&quot;]<\/p>\n<h4>Cameron Shepherd Beyenberg<\/h4>\n<ul>\n<li aria-level=\"1\">Murrieta, Iglesia Centerpoint, John Hansen<\/li>\n<li aria-level=\"1\">Murrieta, Piedras Vivas, Justin Kenton\u00a0<\/li>\n<li aria-level=\"1\">Lago Elsinore, Lambs Fellowship, Paul y Jess Zittel<\/li>\n<li aria-level=\"1\">Corona, Corona Del Rey, Jonathan Zazueta<\/li>\n<\/ul>\n<p>[\/et_pb_text][\/et_pb_column][\/et_pb_row][\/et_pb_section][et_pb_section fb_built=\u201d1\u2033 specialty=\u201don\u201d _builder_version=\u201d4.27.4\u2033 _module_preset=\u201ddefault\u201d custom_padding=\u201d0px||0px||false|false\u201d global_colors_info=\u201d{}\u201d][et_pb_column type=\u201d1_4\u2033 _builder_version=\u201d4.16\u2033 custom_padding=\u201d|||\u201d Informaci\u00f3n global de colores = &quot;{}&quot; relleno_personalizado__hover = &quot;|||&quot;][et_pb_image src = &quot;https:\/\/fmcsc.org\/wp-content\/uploads\/2024\/09\/foto-brian-warth.jpg&quot; t\u00edtulo_texto = &quot;foto-brian-warth&quot; _versi\u00f3n_del_constructor = &quot;4.27.4&quot; _m\u00f3dulo_preestablecido = &quot;predeterminado&quot; Informaci\u00f3n global de colores = &quot;{}&quot;][\/et_pb_image][\/et_pb_column][et_pb_column tipo = &quot;3_4&quot; columnas_especializadas = &quot;3&quot; _versi\u00f3n_del_constructor = &quot;4.16&quot; relleno_personalizado = &quot;|||&quot; Informaci\u00f3n global de colores = &quot;{}&quot; relleno_personalizado__hover = &quot;|||&quot;][et_pb_row_inner _builder_version = &quot;4.17.6&quot; _module_preset = &quot;predeterminado&quot; margen_personalizado = &quot;||||falso&quot; relleno_personalizado = &quot;||0px&quot; informaci\u00f3n_global de colores = &quot;{}&quot;][et_pb_column_inner tipo_columna_especialidad_guardada = &quot;2_3&quot; _builder_version = &quot;4.17.6&quot; _module_preset = &quot;predeterminado&quot; informaci\u00f3n_global de colores = &quot;{}&quot;][et_pb_text _builder_version = &quot;4.27.4&quot; _module_preset = &quot;predeterminado&quot; informaci\u00f3n_global de colores = &quot;{}&quot;]<\/p>\n<h4>Brian Warth<\/h4>\n<p>[\/et_pb_text][\/et_pb_column_inner][\/et_pb_row_inner][et_pb_row_inner _builder_version=\u201d4.27.4\u2033 _module_preset=\u201ddefault\u201d custom_padding=\u201d0px||||false|false\u201d global_colors_info=\u201d{}\u201d][et_pb_column_inner save_specialty_column_type=\u201d3_4\u2033 _builder_version=\u201d4.17.6\u2033 _module_preset=\u201ddefault\u201d global_colors_info=\u201d{}\u201d][et_pb_text _builder_version=\u201d4.27.4\u2033 _module_preset=\u201ddefault\u201d custom_padding=\u201d|0px||||\u201d global_colors_info=\u201d{}\u201d]<\/p>\n<ul>\n<li aria-level=\"1\">Fountain Valley, Iglesia Comunitaria de Vida Libre, Paul Park<\/li>\n<li aria-level=\"1\">Catedral del Reino, San Bernardino, Estelle Martin<\/li>\n<li aria-level=\"1\">Tierras altas, Iglesia de Upward, Ramon Jones<\/li>\n<li aria-level=\"1\">Long Beach, Comunidad de la Santa Fe, John Teter<\/li>\n<li aria-level=\"1\">Valle de San Gabriel, Iglesia de las Expresiones, Christopher Spolar<\/li>\n<li>San Luis Obispo, Iglesia de la Formaci\u00f3n, Mia Shin<\/li>\n<li>Murrieta, Piedras Vivas, Justin Kenton<\/li>\n<li>Marina del Rey, LA Iglesia Resplandece, Guillermo Flores<\/li>\n<li>Los \u00c1ngeles, Transformados En Cristo, Darmaris L\u00f3pez CPP<\/li>\n<li>Pasadena, El Puente \u2013 Pastor Moussa (Afiliado)<\/li>\n<\/ul>\n<p>[\/et_pb_text][\/et_pb_column_inner][\/et_pb_row_inner][\/et_pb_column][\/et_pb_section][et_pb_section fb_built=\u201d1\u2033 _builder_version=\u201d4.27.4\u2033 _module_preset=\u201dpredeterminado\u201d custom_padding=\u201d0px||||false|false\u201d global_colors_info=\u201d{}\u201d][et_pb_row column_structure=\u201d1_4,3_4\u2033 _builder_version=\u201d4.17.6\u2033 _module_preset=\u201dpredeterminado\u201d global_colors_info=\u201d{}\u201d][et_pb_column type=\u201d1_4\u2033 _builder_version=\u201d4.17.6\u2033 _module_preset=\u201dpredeterminado\u201d Informaci\u00f3n global de colores = &quot;{}&quot;][et_pb_image src = &quot;https:\/\/fmcsc.org\/wp-content\/uploads\/2024\/07\/Kristy-Hinds.jpg&quot; title_text = &quot;Kristy Hinds&quot; _builder_version = &quot;4.27.4&quot; _module_preset = &quot;predeterminado&quot; Informaci\u00f3n global de colores = &quot;{}&quot;][\/et_pb_image][\/et_pb_column][et_pb_column type = &quot;3_4&quot; _builder_version = &quot;4.17.6&quot; _module_preset = &quot;predeterminado&quot; Informaci\u00f3n global de colores = &quot;{}&quot;][et_pb_text _builder_version = &quot;4.27.4&quot; _module_preset = &quot;predeterminado&quot; Informaci\u00f3n global de colores = &quot;{}&quot;]<\/p>\n<h4>Kristy Hinds<\/h4>\n<ul>\n<li>Rancho Cucamonga, Iglesia de la Comisi\u00f3n, Cam Shepherd Beyenberg\u00a0<\/li>\n<li>Marina Del ReyKevin Robertson<\/li>\n<li>Santa Ana, Refugio S\u00e1nchez<\/li>\n<li>Paramount, Capilla del Cambio, Brian Warth<\/li>\n<\/ul>\n<p>[\/et_pb_text][\/et_pb_column][\/et_pb_row][et_pb_row estructura_columna=\u201d1_4,3_4\u2033 _versi\u00f3n_constructora=\u201d4.17.6\u2033 _m\u00f3dulo_preestablecido=\u201dpredeterminado\u201d informaci\u00f3n_global_colores=\u201d{}\u201d][et_pb_column tipo=\u201d1_4\u2033 _versi\u00f3n_constructora=\u201d4.17.6\u2033 _m\u00f3dulo_preestablecido=\u201dpredeterminado\u201d informaci\u00f3n_global_colores=\u201d{}\u201d][et_pb_imagen src=\u201dhttps:\/\/fmcsc.org\/wp-content\/uploads\/2025\/01\/2501001-FMCSC-WEB-001B@2x.jpg\u201d alt=\u201dSuperintendente Jon Sato\u201d T\u00edtulo_texto=\u201d2501001-FMCSC-WEB-001B@2x\u201d _versi\u00f3n_constructor=\u201d4.27.4\u2033 _m\u00f3dulo_preestablecido=\u201dpredeterminado\u201d informaci\u00f3n_global_colors=\u201d{}\u201d][\/et_pb_image][\/et_pb_column][et_pb_column tipo=\u201d3_4\u2033 _versi\u00f3n_constructor=\u201d4.17.6\u2033 _m\u00f3dulo_preestablecido=\u201dpredeterminado\u201d informaci\u00f3n_global_colors=\u201d{}\u201d][et_pb_texto _versi\u00f3n_constructor=\u201d4.27.4\u2033 _m\u00f3dulo_preestablecido=\u201dpredeterminado\u201d informaci\u00f3n_global_colors=\u201d{}\u201d]<\/p>\n<h4>Jon Sato<\/h4>\n<ul>\n<li aria-level=\"1\">Riverside, La Avenida, Alan Chandler, Kari Guzm\u00e1n\u00a0<\/li>\n<\/ul>\n<p>[\/et_pb_text][\/et_pb_column][\/et_pb_row][\/et_pb_section][et_pb_section fb_built=\u201d1\u2033 _builder_version=\u201d4.17.6\u2033 _module_preset=\u201dpredeterminado\u201d color_de_fondo=\u201d#F6F5F2\u2033 informaci\u00f3n_de_colores_globales=\u201d{}\u201d][et_pb_row module_id=\u201doperaciones\u201d _builder_version=\u201d4.17.6\u2033 _module_preset=\u201dpredeterminado\u201d informaci\u00f3n_de_colores_globales=\u201d{}\u201d][et_pb_column type=\u201d4_4\u2033 _builder_version=\u201d4.17.6\u2033 _module_preset=\u201dpredeterminado\u201d informaci\u00f3n_de_colores_globales=\u201d{}\u201d][et_pb_text _builder_version=\u201d4.25.2\u2033 _module_preset=\u201dpredeterminado\u201d orientaci\u00f3n_del_texto=\u201dcentro\u201d informaci\u00f3n_de_colores_globales=\u201d{}\u201d]<\/p>\n<h3>Personal de operaciones y finanzas<\/h3>\n<p>[\/et_pb_text][\/et_pb_column][\/et_pb_row][et_pb_row estructura_columna=\u201d1_4,3_4\u2033 _builder_version=\u201d4.17.6\u2033 _module_preset=\u201dpredeterminado\u201d informaci\u00f3n_global_colors=\u201d{}\u201d][et_pb_column tipo=\u201d1_4\u2033 _builder_version=\u201d4.17.6\u2033 _module_preset=\u201dpredeterminado\u201d informaci\u00f3n_global_colors=\u201d{}\u201d][et_pb_image origen=\u201dhttps:\/\/fmcsc.org\/wp-content\/uploads\/2023\/06\/foto-brian-scott@2x.jpg\u201d t\u00edtulo_texto=\u201dfoto-brian-scott@2x\u201d _builder_version=\u201d4.21.0\u2033 _module_preset=\u201dpredeterminado\u201d Informaci\u00f3n global de colores = &quot;{}&quot;][\/et_pb_image][\/et_pb_column][et_pb_column type=&quot;3_4\u2033 _builder_version=&quot;4.17.6\u2033 _module_preset=&quot;default\u201d Informaci\u00f3n global de colores = &quot;{}\u201d][et_pb_text _builder_version=&quot;4.25.2\u2033 _module_preset=&quot;default\u201d Informaci\u00f3n global de colores = &quot;{}\u201d]<\/p>\n<h4>Brian Scott<\/h4>\n<p><em>Director de operaciones<\/em><\/p>\n<p>Con una trayectoria de 10 a\u00f1os en operaciones, Brian Scott se desempe\u00f1a como Director de Operaciones de la Iglesia Metodista Libre del Sur de California. Obtuvo una licenciatura de la Universidad de Georgia y una maestr\u00eda del Seminario Teol\u00f3gico Fuller. En su puesto, Brian trabaja para perfeccionar los procesos y procedimientos existentes en FMCSC. Tambi\u00e9n busca mejorar la comunicaci\u00f3n y la interacci\u00f3n, haciendo que la organizaci\u00f3n sea m\u00e1s acogedora y eficiente para sus iglesias, ancianos, personal y miembros.<\/p>\n<p>[\/et_pb_text][\/et_pb_column][\/et_pb_row][et_pb_row estructura_columna=\u201d1_4,3_4\u2033 _builder_version=\u201d4.17.6\u2033 _module_preset=\u201dpredeterminado\u201d informaci\u00f3n_global_colors=\u201d{}\u201d][et_pb_column tipo=\u201d1_4\u2033 _builder_version=\u201d4.17.6\u2033 _module_preset=\u201dpredeterminado\u201d informaci\u00f3n_global_colors=\u201d{}\u201d][et_pb_image origen=\u201dhttps:\/\/fmcsc.org\/wp-content\/uploads\/2022\/08\/foto-lori-kestle@2x.jpg\u201d t\u00edtulo_texto=\u201dfoto-lori-kestle@2x\u201d _builder_version=\u201d4.17.6\u2033 _module_preset=\u201dpredeterminado\u201d Informaci\u00f3n global de colores = &quot;{}&quot;][\/et_pb_image][\/et_pb_column][et_pb_column type=&quot;3_4\u2033 _builder_version=&quot;4.17.6\u2033 _module_preset=&quot;default\u201d Informaci\u00f3n global de colores = &quot;{}\u201d][et_pb_text _builder_version=&quot;4.25.2\u2033 _module_preset=&quot;default\u201d Informaci\u00f3n global de colores = &quot;{}\u201d]<\/p>\n<h4>Lori Kestle<\/h4>\n<p><em>Asistente del equipo de operaciones y contabilidad<\/em><\/p>\n<p>Lori Kestle lleg\u00f3 a la oficina de la conferencia despu\u00e9s de haber trabajado durante muchos a\u00f1os como directora de la oficina en una de nuestras iglesias locales. Si bien ese era su t\u00edtulo oficial, la llamaban cari\u00f1osamente \u201cCapitana de todo\u201d. No existe ninguna tarea o sistema que Lori no pueda entender r\u00e1pidamente. Si la conferencia tiene un archivo o documento en alg\u00fan lugar, Lori puede encontrarlo. Ella ayuda al equipo ejecutivo, asegur\u00e1ndose de que todo el equipo est\u00e9 trabajando a plena capacidad en todo momento. En su tiempo libre, a Lori le encanta crear arte, proyectos de manualidades y cantar.<\/p>\n<p>[\/et_pb_text][\/et_pb_column][\/et_pb_row][et_pb_row estructura_columna=\u201d1_4,3_4\u2033 _builder_version=\u201d4.17.6\u2033 _module_preset=\u201dpredeterminado\u201d informaci\u00f3n_global_colors=\u201d{}\u201d][et_pb_column tipo=\u201d1_4\u2033 _builder_version=\u201d4.17.6\u2033 _module_preset=\u201dpredeterminado\u201d informaci\u00f3n_global_colors=\u201d{}\u201d][et_pb_image src=\u201dhttps:\/\/fmcsc.org\/wp-content\/uploads\/2024\/07\/stephanie-mirola-headshot@2x.png\u201d t\u00edtulo_texto=\u201dstephanie-mirola-headshot@2x\u201d _builder_version=\u201d4.26.0\u2033 _module_preset=\u201dpredeterminado\u201d informaci\u00f3n_global_colors=\u201d{}\u201d][\/et_pb_image][\/et_pb_column][et_pb_column type=\u201d3_4\u2033 _builder_version=\u201d4.17.6\u2033 _module_preset=\u201dpredeterminado\u201d informaci\u00f3n_global_colors=\u201d{}\u201d][et_pb_text _builder_version=\u201d4.25.2\u2033 _module_preset=\u201dpredeterminado\u201d informaci\u00f3n_global_colors=\u201d{}\u201d]<\/p>\n<h4>Estefan\u00eda Mirola<\/h4>\n<p><em>Contable\u00a0<\/em><\/p>\n<p>Stephanie Mirola ha estado trabajando con FMCSC desde febrero de 2023 y ayuda a nuestro equipo de liderazgo financiero a realizar un seguimiento y organizar los datos vitales necesarios para respaldar y administrar adecuadamente las carteras financieras de las iglesias bajo el cuidado de FMCSC. Durante su tiempo libre, a Stephanie le gusta hornear productos caseros y pasar tiempo con sus tres hijas y su esposo.<em><br \/><\/em><\/p>\n<p>[\/et_pb_text][\/et_pb_column][\/et_pb_row][et_pb_row estructura_columna=\u201d1_4,3_4\u2033 _builder_version=\u201d4.17.6\u2033 _module_preset=\u201dpredeterminado\u201d informaci\u00f3n_global_colors=\u201d{}\u201d][et_pb_column tipo=\u201d1_4\u2033 _builder_version=\u201d4.17.6\u2033 _module_preset=\u201dpredeterminado\u201d informaci\u00f3n_global_colors=\u201d{}\u201d][et_pb_image origen=\u201dhttps:\/\/fmcsc.org\/wp-content\/uploads\/2025\/05\/foto-karen-ortiz.jpg\u201d t\u00edtulo_texto=\u201dfoto-karen-ortiz\u201d _builder_version=\u201d4.27.4\u2033 _module_preset=\u201dpredeterminado\u201d Informaci\u00f3n global de colores = &quot;{}&quot;][\/et_pb_image][\/et_pb_column][et_pb_column type=&quot;3_4\u2033 _builder_version=&quot;4.17.6\u2033 _module_preset=&quot;default\u201d Informaci\u00f3n global de colores = &quot;{}\u201d][et_pb_text _builder_version=&quot;4.25.2\u2033 _module_preset=&quot;default\u201d Informaci\u00f3n global de colores = &quot;{}\u201d]<\/p>\n<h4>Karen Ortiz<\/h4>\n<p><em>Responsable de finanzas y traductor<\/em><em><\/em><\/p>\n<p>Karen Ortiz, directora financiera y traductora interna biling\u00fce en The Management Group Team, combina su amplio liderazgo ministerial y su perspicacia empresarial para fomentar una comunicaci\u00f3n eficaz y brindar informaci\u00f3n financiera esencial. Con una licenciatura en Negocios Internacionales y un MBA de la Universidad BIOLA, crea v\u00ednculos entre departamentos de conferencias, iglesias y la comunidad hispanohablante. M\u00e1s all\u00e1 del trabajo, Karen es mentora de estudiantes de MBA en la Escuela de Negocios Crowell de BIOLA y encuentra alegr\u00eda en el arte y la jardiner\u00eda.<\/p>\n<p>[\/et_pb_text][\/et_pb_column][\/et_pb_row][et_pb_row estructura_columna=\u201d1_4,3_4\u2033 _builder_version=\u201d4.17.6\u2033 _module_preset=\u201dpredeterminado\u201d informaci\u00f3n_global_colors=\u201d{}\u201d][et_pb_column tipo=\u201d1_4\u2033 _builder_version=\u201d4.17.6\u2033 _module_preset=\u201dpredeterminado\u201d informaci\u00f3n_global_colors=\u201d{}\u201d][et_pb_image origen=\u201dhttps:\/\/fmcsc.org\/wp-content\/uploads\/2022\/07\/foto-lori-russey@2x.jpg\u201d t\u00edtulo_texto=\u201dfoto-lori-russey@2x\u201d _builder_version=\u201d4.17.6\u2033 _module_preset=\u201dpredeterminado\u201d Informaci\u00f3n global de colores = &quot;{}&quot;][\/et_pb_image][\/et_pb_column][et_pb_column type=&quot;3_4\u2033 _builder_version=&quot;4.17.6\u2033 _module_preset=&quot;default\u201d Informaci\u00f3n global de colores = &quot;{}\u201d][et_pb_text _builder_version=&quot;4.25.2\u2033 _module_preset=&quot;default\u201d Informaci\u00f3n global de colores = &quot;{}\u201d]<\/p>\n<h4>Lori Russey<\/h4>\n<p><em>Jefe del equipo de contabilidad<\/em><\/p>\n<p><span style=\"font-weight: 400;\">Lori ha estado con FMCSC desde 2016 y ha sido parte del equipo de The Management Group desde sus inicios. Le encanta ayudar a las iglesias a comprender sus finanzas para que est\u00e9n mejor preparadas para el ministerio. Lori est\u00e1 casada con su esposo, Dave, desde 1981 y juntos tienen 3 hermosas hijas, 3 maravillosos yernos y 5 nietos incre\u00edbles. A Lori le encanta la familia, los amigos, la playa y todas las dem\u00e1s actividades al aire libre.<\/span><\/p>\n<p>[\/et_pb_text][\/et_pb_column][\/et_pb_row][et_pb_row estructura_columna=\u201d1_4,3_4\u2033 _builder_version=\u201d4.17.6\u2033 _module_preset=\u201dpredeterminado\u201d informaci\u00f3n_global_colors=\u201d{}\u201d][et_pb_column tipo=\u201d1_4\u2033 _builder_version=\u201d4.17.6\u2033 _module_preset=\u201dpredeterminado\u201d informaci\u00f3n_global_colors=\u201d{}\u201d][et_pb_image origen=\u201dhttps:\/\/fmcsc.org\/wp-content\/uploads\/2024\/07\/karen-trafford-headshot@2x.png\u201d t\u00edtulo_texto=\u201dkaren-trafford-headshot@2x\u201d _builder_version=\u201d4.26.0\u2033 _module_preset=\u201dpredeterminado\u201d informaci\u00f3n_global_colors=\u201d{}\u201d][\/et_pb_image][\/et_pb_column][et_pb_column type=\u201d3_4\u2033 _builder_version=\u201d4.17.6\u2033 _module_preset=\u201dpredeterminado\u201d informaci\u00f3n_global_colors=\u201d{}\u201d][et_pb_text _builder_version=\u201d4.25.2\u2033 _module_preset=\u201dpredeterminado\u201d informaci\u00f3n_global_colors=\u201d{}\u201d]<\/p>\n<h4>Karen Trafford<\/h4>\n<p><em>Contable<\/em><\/p>\n<p><span style=\"font-weight: 400;\">Karen ha trabajado para FMCSC como asistente de contabilidad desde 2018 y lo disfruta mucho. Tambi\u00e9n trabaja para Centerpoint Church en el Departamento de Finanzas y N\u00f3minas. Ha asistido a Centerpoint Church durante m\u00e1s de 30 a\u00f1os desde el comienzo de Lambs Fellowship. Karen ha estado casada durante 34 a\u00f1os y tiene dos hijas adultas, dos yernos y su primer nieto, Judah. A Karen le encanta su familia, sus amigos, el ejercicio, la playa y viajar para conocer nuevos lugares y cosas.<\/span><\/p>\n<p>[\/et_pb_text][\/et_pb_column][\/et_pb_row][et_pb_row estructura_columna=\u201d1_4,3_4\u2033 _builder_version=\u201d4.17.6\u2033 _module_preset=\u201dpredeterminado\u201d informaci\u00f3n_global_colors=\u201d{}\u201d][et_pb_column tipo=\u201d1_4\u2033 _builder_version=\u201d4.17.6\u2033 _module_preset=\u201dpredeterminado\u201d informaci\u00f3n_global_colors=\u201d{}\u201d][et_pb_image origen=\u201dhttps:\/\/fmcsc.org\/wp-content\/uploads\/2022\/07\/foto-maggie-underwood@2x.jpg\u201d t\u00edtulo_texto=\u201dfoto-maggie-underwood@2x\u201d _builder_version=\u201d4.17.6\u2033 _module_preset=\u201dpredeterminado\u201d Informaci\u00f3n global de colores = &quot;{}&quot;][\/et_pb_image][\/et_pb_column][et_pb_column type=&quot;3_4\u2033 _builder_version=&quot;4.17.6\u2033 _module_preset=&quot;default\u201d Informaci\u00f3n global de colores = &quot;{}\u201d][et_pb_text _builder_version=&quot;4.25.2\u2033 _module_preset=&quot;default\u201d Informaci\u00f3n global de colores = &quot;{}\u201d]<\/p>\n<h4>Maggie Underwood<\/h4>\n<p><em>Coordinador de operaciones<\/em><\/p>\n<p>Maggie trabaja en la conferencia desde 2012. Se encarga principalmente de la administraci\u00f3n de todos los eventos y colabora en las operaciones financieras, adem\u00e1s de ayudar al equipo ejecutivo con la comunicaci\u00f3n y las operaciones diarias. Est\u00e1 casada con su marido Bret desde hace m\u00e1s de 30 a\u00f1os y juntos son los orgullosos padres de Nathan y Hannah.<\/p>\n<p>[\/et_pb_text][\/et_pb_column][\/et_pb_row][\/et_pb_section][et_pb_section fb_built=\u201d1\u2033 _builder_version=\u201d4.17.6\u2033 _module_preset=\u201dpredeterminado\u201d background_enable_color=\u201doff\u201d global_colors_info=\u201d{}\u201d][et_pb_row module_id=\u201dfinance\u201d _builder_version=\u201d4.17.6\u2033 _module_preset=\u201dpredeterminado\u201d global_colors_info=\u201d{}\u201d][et_pb_column type=\u201d4_4\u2033 _builder_version=\u201d4.17.6\u2033 _module_preset=\u201dpredeterminado\u201d global_colors_info=\u201d{}\u201d][et_pb_text _builder_version=\u201d4.25.2\u2033 _module_preset=\u201dpredeterminado\u201d orientaci\u00f3n_del_texto=\u201dcentro\u201d informaci\u00f3n_de_colores_globales=\u201d{}\u201d]<\/p>\n<h3>Consultores de la Oficina de Conferencias<\/h3>\n<p>[\/et_pb_text][\/et_pb_column][\/et_pb_row][et_pb_row estructura_columna=\u201d1_2,1_2\u2033 _builder_version=\u201d4.17.6\u2033 _module_preset=\u201dpredeterminado\u201d informaci\u00f3n_global_colors=\u201d{}\u201d][et_pb_column tipo=\u201d1_2\u2033 _builder_version=\u201d4.17.6\u2033 _module_preset=\u201dpredeterminado\u201d informaci\u00f3n_global_colors=\u201d{}\u201d][et_pb_text _builder_version=\u201d4.25.2\u2033 _module_preset=\u201dpredeterminado\u201d informaci\u00f3n_global_colors=\u201d{}\u201d]<\/p>\n<h4>Aaron Mills y Heather Gapik<\/h4>\n<p><em>Consultores inmobiliarios \u2013<a href=\"https:\/\/www.aaronandheather.com\/\"> https:\/\/www.aaronandheather.com\/<\/a><\/em><\/p>\n<p>[\/et_pb_text][et_pb_text _builder_version=\u201d4.25.2\u2033 _module_preset=\u201ddefault\u201d global_colors_info=\u201d{}\u201d]<\/p>\n<h4>Reparar<\/h4>\n<p><em>Desarrollo comunitario y narraci\u00f3n de historias \u2013 <a href=\"https:\/\/wemakegood.org\/\">https:\/\/wemakegood.org\/<\/a><\/em><\/p>\n<p>[\/et_pb_text][\/et_pb_column][et_pb_column tipo=\u201d1_2\u2033 _builder_version=\u201d4.17.6\u2033 _module_preset=\u201dpredeterminado\u201d informaci\u00f3n_global_colors=\u201d{}\u201d][et_pb_text _builder_version=\u201d4.25.2\u2033 _module_preset=\u201dpredeterminado\u201d informaci\u00f3n_global_colors=\u201d{}\u201d]<\/p>\n<h4>Reino Uno<\/h4>\n<p><em>Consultores de RRHH y Operaciones \u2013 <a href=\"https:\/\/www.kingdomone.co\/\">https:\/\/www.kingdomone.co\/<\/a><\/em><\/p>\n<p>[\/et_pb_text][\/et_pb_column][\/et_pb_row][\/et_pb_section]<\/p>","protected":false},"excerpt":{"rendered":"<p>Administraci\u00f3n de la Conferencia. En la Iglesia Metodista Libre, el superintendente de la conferencia se encarga de la alineaci\u00f3n e implementaci\u00f3n de la visi\u00f3n, el desarrollo de liderazgo y la orientaci\u00f3n para la administraci\u00f3n y el crecimiento de la iglesia. En el sur de California, tambi\u00e9n contamos con superintendentes de campo que brindan liderazgo especializado y apoyo administrativo a nuestras iglesias y miembros. Superintendente | Personal Ministerial | Superintendentes de Campo [\u2026]<\/p>","protected":false},"author":1,"featured_media":0,"parent":0,"menu_order":13,"comment_status":"closed","ping_status":"closed","template":"","meta":{"_acf_changed":false,"_et_pb_use_builder":"on","_et_pb_old_content":"","_et_gb_content_width":"","content-type":"","footnotes":"","_links_to":"","_links_to_target":""},"class_list":["post-51345","page","type-page","status-publish","hentry"],"acf":[],"yoast_head":"<!-- This site is optimized with the Yoast SEO plugin v27.5 - https:\/\/yoast.com\/product\/yoast-seo-wordpress\/ -->\n<title>Conference Administration - Free Methodist Church in Southern California<\/title>\n<meta name=\"robots\" content=\"index, follow, max-snippet:-1, max-image-preview:large, max-video-preview:-1\" \/>\n<link rel=\"canonical\" href=\"https:\/\/fmcsc.org\/es\/administration\/\" \/>\n<meta property=\"og:locale\" content=\"es_MX\" \/>\n<meta property=\"og:type\" content=\"article\" \/>\n<meta property=\"og:title\" content=\"Conference Administration - Free Methodist Church in Southern California\" \/>\n<meta property=\"og:description\" content=\"Conference Administration Within the Free Methodist Church the conference superintendent provides vision alignment and implementation, leadership development, and guidance for the administration and growth of the church. In Southern California we are also served by field superintendents who provide specialized leadership and administrative support to our churches and members.Superintendent | Ministry Staff | Field Superintendents [&hellip;]\" \/>\n<meta property=\"og:url\" content=\"https:\/\/fmcsc.org\/es\/wp-json\/wp\/v2\/pages\/51345\" \/>\n<meta property=\"og:site_name\" content=\"Free Methodist Church in Southern California\" \/>\n<meta property=\"article:publisher\" content=\"https:\/\/www.facebook.com\/FMCSC\" \/>\n<meta property=\"article:modified_time\" content=\"2025-07-07T17:21:09+00:00\" \/>\n<meta name=\"twitter:card\" content=\"summary_large_image\" \/>\n<meta name=\"twitter:site\" content=\"@fmcsc\" \/>\n<meta name=\"twitter:label1\" content=\"Tiempo de lectura\" \/>\n\t<meta name=\"twitter:data1\" content=\"12 minutos\" \/>\n<script type=\"application\/ld+json\" class=\"yoast-schema-graph\">{\"@context\":\"https:\\\/\\\/schema.org\",\"@graph\":[{\"@type\":\"WebPage\",\"@id\":\"https:\\\/\\\/fmcsc.org\\\/administration\\\/\",\"url\":\"https:\\\/\\\/fmcsc.org\\\/administration\\\/\",\"name\":\"Conference Administration - Free Methodist Church in Southern California\",\"isPartOf\":{\"@id\":\"https:\\\/\\\/fmcsc.org\\\/#website\"},\"datePublished\":\"2021-07-01T16:13:31+00:00\",\"dateModified\":\"2025-07-07T17:21:09+00:00\",\"breadcrumb\":{\"@id\":\"https:\\\/\\\/fmcsc.org\\\/administration\\\/#breadcrumb\"},\"inLanguage\":\"es\",\"potentialAction\":[{\"@type\":\"ReadAction\",\"target\":[\"https:\\\/\\\/fmcsc.org\\\/administration\\\/\"]}]},{\"@type\":\"BreadcrumbList\",\"@id\":\"https:\\\/\\\/fmcsc.org\\\/administration\\\/#breadcrumb\",\"itemListElement\":[{\"@type\":\"ListItem\",\"position\":1,\"name\":\"Home\",\"item\":\"https:\\\/\\\/fmcsc.org\\\/\"},{\"@type\":\"ListItem\",\"position\":2,\"name\":\"Conference Administration\"}]},{\"@type\":\"WebSite\",\"@id\":\"https:\\\/\\\/fmcsc.org\\\/#website\",\"url\":\"https:\\\/\\\/fmcsc.org\\\/\",\"name\":\"Free Methodist Church in Southern California\",\"description\":\"Love God. Love People. Make Disciples.\",\"publisher\":{\"@id\":\"https:\\\/\\\/fmcsc.org\\\/#organization\"},\"potentialAction\":[{\"@type\":\"SearchAction\",\"target\":{\"@type\":\"EntryPoint\",\"urlTemplate\":\"https:\\\/\\\/fmcsc.org\\\/?s={search_term_string}\"},\"query-input\":{\"@type\":\"PropertyValueSpecification\",\"valueRequired\":true,\"valueName\":\"search_term_string\"}}],\"inLanguage\":\"es\"},{\"@type\":\"Organization\",\"@id\":\"https:\\\/\\\/fmcsc.org\\\/#organization\",\"name\":\"Free Methodist Church in Southern California\",\"url\":\"https:\\\/\\\/fmcsc.org\\\/\",\"logo\":{\"@type\":\"ImageObject\",\"inLanguage\":\"es\",\"@id\":\"https:\\\/\\\/fmcsc.org\\\/#\\\/schema\\\/logo\\\/image\\\/\",\"url\":\"https:\\\/\\\/fmcsc.org\\\/wp-content\\\/uploads\\\/2021\\\/06\\\/logo-color.png\",\"contentUrl\":\"https:\\\/\\\/fmcsc.org\\\/wp-content\\\/uploads\\\/2021\\\/06\\\/logo-color.png\",\"width\":166,\"height\":144,\"caption\":\"Free Methodist Church in Southern California\"},\"image\":{\"@id\":\"https:\\\/\\\/fmcsc.org\\\/#\\\/schema\\\/logo\\\/image\\\/\"},\"sameAs\":[\"https:\\\/\\\/www.facebook.com\\\/FMCSC\",\"https:\\\/\\\/x.com\\\/fmcsc\",\"https:\\\/\\\/www.youtube.com\\\/channel\\\/UCCLhk49k4p6RkJbqYMr0SEQ\"]}]}<\/script>\n<!-- \/ Yoast SEO plugin. -->","yoast_head_json":{"title":"Administraci\u00f3n de conferencias - Iglesia Metodista Libre del Sur de California","robots":{"index":"index","follow":"follow","max-snippet":"max-snippet:-1","max-image-preview":"max-image-preview:large","max-video-preview":"max-video-preview:-1"},"canonical":"https:\/\/fmcsc.org\/es\/administration\/","og_locale":"es_MX","og_type":"article","og_title":"Conference Administration - Free Methodist Church in Southern California","og_description":"Conference Administration Within the Free Methodist Church the conference superintendent provides vision alignment and implementation, leadership development, and guidance for the administration and growth of the church. In Southern California we are also served by field superintendents who provide specialized leadership and administrative support to our churches and members.Superintendent | Ministry Staff | Field Superintendents [&hellip;]","og_url":"https:\/\/fmcsc.org\/es\/wp-json\/wp\/v2\/pages\/51345","og_site_name":"Free Methodist Church in Southern California","article_publisher":"https:\/\/www.facebook.com\/FMCSC","article_modified_time":"2025-07-07T17:21:09+00:00","twitter_card":"summary_large_image","twitter_site":"@fmcsc","twitter_misc":{"Tiempo de lectura":"12 minutos"},"schema":{"@context":"https:\/\/schema.org","@graph":[{"@type":"WebPage","@id":"https:\/\/fmcsc.org\/administration\/","url":"https:\/\/fmcsc.org\/administration\/","name":"Administraci\u00f3n de conferencias - Iglesia Metodista Libre del Sur de California","isPartOf":{"@id":"https:\/\/fmcsc.org\/#website"},"datePublished":"2021-07-01T16:13:31+00:00","dateModified":"2025-07-07T17:21:09+00:00","breadcrumb":{"@id":"https:\/\/fmcsc.org\/administration\/#breadcrumb"},"inLanguage":"es","potentialAction":[{"@type":"ReadAction","target":["https:\/\/fmcsc.org\/administration\/"]}]},{"@type":"BreadcrumbList","@id":"https:\/\/fmcsc.org\/administration\/#breadcrumb","itemListElement":[{"@type":"ListItem","position":1,"name":"Home","item":"https:\/\/fmcsc.org\/"},{"@type":"ListItem","position":2,"name":"Conference Administration"}]},{"@type":"WebSite","@id":"https:\/\/fmcsc.org\/#website","url":"https:\/\/fmcsc.org\/","name":"Iglesia Metodista Libre en el Sur de California","description":"Ama a Dios. Ama a la gente. Haz disc\u00edpulos.","publisher":{"@id":"https:\/\/fmcsc.org\/#organization"},"potentialAction":[{"@type":"SearchAction","target":{"@type":"EntryPoint","urlTemplate":"https:\/\/fmcsc.org\/?s={search_term_string}"},"query-input":{"@type":"PropertyValueSpecification","valueRequired":true,"valueName":"search_term_string"}}],"inLanguage":"es"},{"@type":"Organization","@id":"https:\/\/fmcsc.org\/#organization","name":"Iglesia Metodista Libre en el Sur de California","url":"https:\/\/fmcsc.org\/","logo":{"@type":"ImageObject","inLanguage":"es","@id":"https:\/\/fmcsc.org\/#\/schema\/logo\/image\/","url":"https:\/\/fmcsc.org\/wp-content\/uploads\/2021\/06\/logo-color.png","contentUrl":"https:\/\/fmcsc.org\/wp-content\/uploads\/2021\/06\/logo-color.png","width":166,"height":144,"caption":"Free Methodist Church in Southern California"},"image":{"@id":"https:\/\/fmcsc.org\/#\/schema\/logo\/image\/"},"sameAs":["https:\/\/www.facebook.com\/FMCSC","https:\/\/x.com\/fmcsc","https:\/\/www.youtube.com\/channel\/UCCLhk49k4p6RkJbqYMr0SEQ"]}]}},"jetpack_sharing_enabled":true,"_links":{"self":[{"href":"https:\/\/fmcsc.org\/es\/wp-json\/wp\/v2\/pages\/51345","targetHints":{"allow":["GET"]}}],"collection":[{"href":"https:\/\/fmcsc.org\/es\/wp-json\/wp\/v2\/pages"}],"about":[{"href":"https:\/\/fmcsc.org\/es\/wp-json\/wp\/v2\/types\/page"}],"author":[{"embeddable":true,"href":"https:\/\/fmcsc.org\/es\/wp-json\/wp\/v2\/users\/1"}],"replies":[{"embeddable":true,"href":"https:\/\/fmcsc.org\/es\/wp-json\/wp\/v2\/comments?post=51345"}],"version-history":[{"count":0,"href":"https:\/\/fmcsc.org\/es\/wp-json\/wp\/v2\/pages\/51345\/revisions"}],"wp:attachment":[{"href":"https:\/\/fmcsc.org\/es\/wp-json\/wp\/v2\/media?parent=51345"}],"curies":[{"name":"gracias","href":"https:\/\/api.w.org\/{rel}","templated":true}]}}